{"id":33443,"date":"2021-03-10T12:46:02","date_gmt":"2021-03-10T11:46:02","guid":{"rendered":"https:\/\/tandemteam.es\/hoe-er-te-komen\/"},"modified":"2025-03-27T12:13:18","modified_gmt":"2025-03-27T11:13:18","slug":"hoe-er-te-komen","status":"publish","type":"page","link":"https:\/\/tandemteam.es\/nl\/hoe-er-te-komen\/","title":{"rendered":"Hoe er te komen"},"content":{"rendered":"\t\t<div data-elementor-type=\"wp-page\" data-elementor-id=\"33443\" class=\"elementor elementor-33443 elementor-17800\" data-elementor-post-type=\"page\">\n\t\t\t\t\t\t<section class=\"elementor-section elementor-top-section elementor-element elementor-element-95f4b27 elementor-section-boxed elementor-section-height-default elementor-section-height-default\" data-id=\"95f4b27\" data-element_type=\"section\" data-e-type=\"section\">\n\t\t\t\t\t\t<div class=\"elementor-container elementor-column-gap-default\">\n\t\t\t\t\t<div class=\"elementor-column elementor-col-100 elementor-top-column elementor-element elementor-element-6394abf\" data-id=\"6394abf\" data-element_type=\"column\" data-e-type=\"column\">\n\t\t\t<div class=\"elementor-widget-wrap elementor-element-populated\">\n\t\t\t\t\t\t<div class=\"elementor-element elementor-element-7c2e06f elementor-widget elementor-widget-spacer\" data-id=\"7c2e06f\" data-element_type=\"widget\" data-e-type=\"widget\" data-widget_type=\"spacer.default\">\n\t\t\t\t<div class=\"elementor-widget-container\">\n\t\t\t\t\t\t\t<div class=\"elementor-spacer\">\n\t\t\t<div class=\"elementor-spacer-inner\"><\/div>\n\t\t<\/div>\n\t\t\t\t\t\t<\/div>\n\t\t\t\t<\/div>\n\t\t\t\t<div class=\"elementor-element elementor-element-15a81f1 elementor-widget elementor-widget-image\" data-id=\"15a81f1\" data-element_type=\"widget\" data-e-type=\"widget\" data-widget_type=\"image.default\">\n\t\t\t\t<div class=\"elementor-widget-container\">\n\t\t\t\t\t\t\t\t\t\t\t\t\t\t\t<img decoding=\"async\" src=\"https:\/\/tandemteam.es\/wp-content\/uploads\/elementor\/thumbs\/Track-marmota-Ignacio-Arevalo-2021-pomhs4ii7yd0c21k627wbnnsnqvq8fh0tgvimxyv8u.jpg\" title=\"Track marmota Ignacio Arevalo 2021\" alt=\"Track marmota Ignacio Arevalo 2021\" loading=\"lazy\" \/>\t\t\t\t\t\t\t\t\t\t\t\t\t\t\t<\/div>\n\t\t\t\t<\/div>\n\t\t\t\t\t<\/div>\n\t\t<\/div>\n\t\t\t\t\t<\/div>\n\t\t<\/section>\n\t\t\t\t<section class=\"elementor-section elementor-top-section elementor-element elementor-element-34cee25 elementor-section-boxed elementor-section-height-default elementor-section-height-default\" data-id=\"34cee25\" data-element_type=\"section\" data-e-type=\"section\">\n\t\t\t\t\t\t<div class=\"elementor-container elementor-column-gap-default\">\n\t\t\t\t\t<div class=\"elementor-column elementor-col-100 elementor-top-column elementor-element elementor-element-518eb68\" data-id=\"518eb68\" data-element_type=\"column\" data-e-type=\"column\">\n\t\t\t<div class=\"elementor-widget-wrap elementor-element-populated\">\n\t\t\t\t\t\t<div class=\"elementor-element elementor-element-91d2e74 elementor-alert-warning elementor-widget elementor-widget-alert\" data-id=\"91d2e74\" data-element_type=\"widget\" data-e-type=\"widget\" data-widget_type=\"alert.default\">\n\t\t\t\t<div class=\"elementor-widget-container\">\n\t\t\t\t\t\t\t<div class=\"elementor-alert\" role=\"alert\">\n\n\t\t\t\t\t\t<span class=\"elementor-alert-title\">ATTENTIE<\/span>\n\t\t\t\n\t\t\t\t\t\t<span class=\"elementor-alert-description\">  De N260 is afgesloten voor wegwerkzaamheden, op het traject van Campo naar Seira. Ze hebben laten weten dat ze op vrijdag 23 juni om 18:30 uur overgaan tot de opening, op maandag 26 juni om 6:00 uur weer dichtgaan en op vrijdag 30 juni om 11:30 uur weer opengaan.   \nTussen 15 juli en 15 augustus zijn er geen wegafsluitingen, behalve, omwille van de verkeersveiligheid, de afsluitingen die nodig zijn voor het plaatsen van borstweringen.\n\nAanbevolen routes:\n\nAls je op doorreis bent naar Graus:\n\n\n\nAls je op doorreis bent naar Ainsa:\n\n<\/span>\n\t\t\t\n\t\t\t\t\t\t<button type=\"button\" class=\"elementor-alert-dismiss\" aria-label=\"Descartar esta alerta.\">\n\t\t\t\t<svg aria-hidden=\"true\" class=\"e-font-icon-svg e-far-times-circle\" viewBox=\"0 0 512 512\" xmlns=\"http:\/\/www.w3.org\/2000\/svg\"><path d=\"M256 8C119 8 8 119 8 256s111 248 248 248 248-111 248-248S393 8 256 8zm0 448c-110.5 0-200-89.5-200-200S145.5 56 256 56s200 89.5 200 200-89.5 200-200 200zm101.8-262.2L295.6 256l62.2 62.2c4.7 4.7 4.7 12.3 0 17l-22.6 22.6c-4.7 4.7-12.3 4.7-17 0L256 295.6l-62.2 62.2c-4.7 4.7-12.3 4.7-17 0l-22.6-22.6c-4.7-4.7-4.7-12.3 0-17l62.2-62.2-62.2-62.2c-4.7-4.7-4.7-12.3 0-17l22.6-22.6c4.7-4.7 12.3-4.7 17 0l62.2 62.2 62.2-62.2c4.7-4.7 12.3-4.7 17 0l22.6 22.6c4.7 4.7 4.7 12.3 0 17z\"><\/path><\/svg>\t\t\t<\/button>\n\t\t\t\n\t\t<\/div>\n\t\t\t\t\t\t<\/div>\n\t\t\t\t<\/div>\n\t\t\t\t<div class=\"elementor-element elementor-element-edd7951 elementor-tabs-view-horizontal elementor-widget elementor-widget-tabs\" data-id=\"edd7951\" data-element_type=\"widget\" data-e-type=\"widget\" data-widget_type=\"tabs.default\">\n\t\t\t\t<div class=\"elementor-widget-container\">\n\t\t\t\t\t\t\t<div class=\"elementor-tabs\">\n\t\t\t<div class=\"elementor-tabs-wrapper\" role=\"tablist\" >\n\t\t\t\t\t\t\t\t\t<div id=\"elementor-tab-title-2491\" class=\"elementor-tab-title elementor-tab-desktop-title\" aria-selected=\"true\" data-tab=\"1\" role=\"tab\" tabindex=\"0\" aria-controls=\"elementor-tab-content-2491\" aria-expanded=\"false\">Over de weg<\/div>\n\t\t\t\t\t\t\t\t\t<div id=\"elementor-tab-title-2492\" class=\"elementor-tab-title elementor-tab-desktop-title\" aria-selected=\"false\" data-tab=\"2\" role=\"tab\" tabindex=\"-1\" aria-controls=\"elementor-tab-content-2492\" aria-expanded=\"false\">Met de bus<\/div>\n\t\t\t\t\t\t\t\t\t<div id=\"elementor-tab-title-2493\" class=\"elementor-tab-title elementor-tab-desktop-title\" aria-selected=\"false\" data-tab=\"3\" role=\"tab\" tabindex=\"-1\" aria-controls=\"elementor-tab-content-2493\" aria-expanded=\"false\">Met de trein<\/div>\n\t\t\t\t\t\t\t\t\t<div id=\"elementor-tab-title-2494\" class=\"elementor-tab-title elementor-tab-desktop-title\" aria-selected=\"false\" data-tab=\"4\" role=\"tab\" tabindex=\"-1\" aria-controls=\"elementor-tab-content-2494\" aria-expanded=\"false\">Met het vliegtuig<\/div>\n\t\t\t\t\t\t\t<\/div>\n\t\t\t<div class=\"elementor-tabs-content-wrapper\" role=\"tablist\" aria-orientation=\"vertical\">\n\t\t\t\t\t\t\t\t\t<div class=\"elementor-tab-title elementor-tab-mobile-title\" aria-selected=\"true\" data-tab=\"1\" role=\"tab\" tabindex=\"0\" aria-controls=\"elementor-tab-content-2491\" aria-expanded=\"false\">Over de weg<\/div>\n\t\t\t\t\t<div id=\"elementor-tab-content-2491\" class=\"elementor-tab-content elementor-clearfix\" data-tab=\"1\" role=\"tabpanel\" aria-labelledby=\"elementor-tab-title-2491\" tabindex=\"0\" hidden=\"false\"><ul>\n<li><strong>Over de weg:<\/strong> N-260, Km. 385<\/li>\n<li><strong>Vanaf Madrid<\/strong>: 510 km. ongeveer &#8211; 6 uur <br \/>Neem de A-2<br \/>naar Zaragoza, neem dan de A-23 naar Huesca.<br \/>Ga verder op de N-240<br \/>naar Barbastro en neem daar de N-123 naar Graus waar je de directe borden naar Castej\u00f3n de Sos ziet op de A-139 en later op<br \/>de N-260 (in Campo).   <\/li>\n<li><strong>Vanaf Barcelona:<\/strong> ca. 300 km &#8211; 3 h 30 min.   <br \/>Er zijn 2 opties:  <br \/>&#8211; Barcelona  &gt;  T\u00e1rrega  &gt;  Alfarr\u00e1s  &gt;  Benabarre  &gt;  Graus  &gt;  Castej\u00f3n de Sos  <br \/>&#8211; Barcelona  &gt;  L\u00e9rida  &gt;  Alfarr\u00e1s  &gt;  Benabarre  &gt;  Graus  &gt;  Castej\u00f3n de Sos  <\/li>\n<li><strong>Vanaf San Sebastian<\/strong>: 375 km. ongeveer &#8211; 5u. 15 min.   <br \/>Er zijn 2 tracks:  <br \/>&#8211; San Sebastian  &gt;  Snelweg door Frankrijk  &gt;  Viella  &gt;  Laspa\u00fales  &gt;  Castej\u00f3n de Sos  <br \/>&#8211; San Sebastian  &gt;  Pamplona  &gt;  Huesca  &gt;  Barbastro  &gt;  Graus  &gt;  Castej\u00f3n de Sos<\/li>\n<li><strong>Vanuit Frankrijk (Tarbes en Toulouse):<\/strong> <br \/>Het is aan te raden om via de snelweg te rijden en bij St.Gaudens de afslag Viella (Vielha) te nemen, dan verder langs Laspa\u00fales naar Castej\u00f3n de Sos. <br \/>Toulouse: 225 km. ongeveer &#8211; 3 uur   <\/li>\n<li>Zaragoza &#8211; Huesca &#8211; Barbastro &#8211; Graus &#8211; Campo &#8211; Seira &#8211; El Run &#8211; Castej\u00f3n de Sos<\/li>\n<\/ul>\n<\/div>\n\t\t\t\t\t\t\t\t\t<div class=\"elementor-tab-title elementor-tab-mobile-title\" aria-selected=\"false\" data-tab=\"2\" role=\"tab\" tabindex=\"-1\" aria-controls=\"elementor-tab-content-2492\" aria-expanded=\"false\">Met de bus<\/div>\n\t\t\t\t\t<div id=\"elementor-tab-content-2492\" class=\"elementor-tab-content elementor-clearfix\" data-tab=\"2\" role=\"tabpanel\" aria-labelledby=\"elementor-tab-title-2492\" tabindex=\"0\" hidden=\"hidden\"><\/p>\n<p><span style=\"color: #0000ff;\"><a style=\"color: #0000ff;\" href=\"http:\/\/alosa.avanzabus.com\/web\/quienes_somos\/puntos_de_venta.html\" target=\"_blank\" rel=\"noopener\">Verkooppunten:<\/a><\/span><\/p>\n<ul>\n<li>Waar je ook vandaan komt, je moet er rekening mee houden dat er maar twee bussen per dag naar Castej\u00f3n de Sos: <br \/>&#8211; 1\u00ba. Komt om 13.00 uur aan, ongeveer <br \/>&#8211; 2e. Komt aan om 19.15 uur ongeveer.\n<p>Deze kun je nemen in Huesca om 10.30 uur of 16.30 uur; of in Barbastro om 11.30 uur of 17.20 uur. <br \/>In ieder geval zijn de maatschappijen die in dit gebied werken Alsa en Alosa (je kunt hun websites raadplegen: <a href=\"http:\/\/www.alosa.es\/\">http:\/\/www.alosa.es<\/a> en <a href=\"http:\/\/www.alsa.es\/\">http:\/\/www.alsa.es)<\/a><br \/>. Je kunt ook bellen met de busmaatschappij in Huesca: 902 210 700.  <\/li>\n<\/ul>\n<p>Busroute:<\/p>\n<ul>\n<li>Barcelona &#8211; L\u00e9rida &#8211; Monz\u00f3n &#8211; Barbastro &#8211; Graus &#8211; Castej\u00f3n de Sos<\/li>\n<li>Zaragona &#8211; Huesca &#8211; Barbastro &#8211; Graus &#8211; Castej\u00f3n de Sos<\/li>\n<\/ul>\n<\/div>\n\t\t\t\t\t\t\t\t\t<div class=\"elementor-tab-title elementor-tab-mobile-title\" aria-selected=\"false\" data-tab=\"3\" role=\"tab\" tabindex=\"-1\" aria-controls=\"elementor-tab-content-2493\" aria-expanded=\"false\">Met de trein<\/div>\n\t\t\t\t\t<div id=\"elementor-tab-content-2493\" class=\"elementor-tab-content elementor-clearfix\" data-tab=\"3\" role=\"tabpanel\" aria-labelledby=\"elementor-tab-title-2493\" tabindex=\"0\" hidden=\"hidden\"><p>De dichtstbijzijnde treinstations zijn in Huesca, Monz\u00f3n en L\u00e9rida. Vanaf daar moet je de bus nemen. <\/p>\n<p> <span style=\"color: #0000ff;\"><a style=\"color: #0000ff;\" href=\"http:\/\/www.adif.es\/es_ES\/infraestructuras\/estaciones\/78301\/informacion_000219.shtml\" target=\"_blank\" rel=\"noopener\">Monz\u00f3n<\/a><\/span> Tel. 974 401 244<\/p>\n<p><span style=\"color: #0000ff;\"><a style=\"color: #0000ff;\" href=\"http:\/\/www.adif.es\/es_ES\/infraestructuras\/estaciones\/74200\/informacion_000099.shtml\" target=\"_blank\" rel=\"noopener\">Huesca<\/a><\/span> <span style=\"font-family: Larsseit, sans-serif; font-size: 16px;\">Tel. 912 432 343<\/span><\/p>\n<\/div>\n\t\t\t\t\t\t\t\t\t<div class=\"elementor-tab-title elementor-tab-mobile-title\" aria-selected=\"false\" data-tab=\"4\" role=\"tab\" tabindex=\"-1\" aria-controls=\"elementor-tab-content-2494\" aria-expanded=\"false\">Met het vliegtuig<\/div>\n\t\t\t\t\t<div id=\"elementor-tab-content-2494\" class=\"elementor-tab-content elementor-clearfix\" data-tab=\"4\" role=\"tabpanel\" aria-labelledby=\"elementor-tab-title-2494\" tabindex=\"0\" hidden=\"hidden\"><p>De dichtstbijzijnde luchthavens zijn in Zaragoza, Huesca en Barcelona. Eenmaal daar kun je het beste de trein of bus nemen. <\/p>\n<p><strong><a href=\"http:\/\/es.wikipedia.org\/wiki\/Aeropuerto_de_Barcelona\" target=\"_blank\" rel=\"noopener\"><span style=\"color: #0000ff;\">Barcelona<\/span> <span style=\"color: #0000ff;\">BCN <\/span><\/a>, <span style=\"color: #0000ff;\"><a style=\"color: #0000ff;\" title=\"Zaragoza Luchthaven\" href=\"http:\/\/es.wikipedia.org\/wiki\/Aeropuerto_de_Zaragoza\" target=\"_blank\" rel=\"noopener\">Zaragoza ZAZ<\/a>, <\/span> <span style=\"color: #0000ff;\"><a style=\"color: #0000ff;\" href=\"http:\/\/es.wikipedia.org\/wiki\/Aeropuerto_de_Huesca\" target=\"_blank\" rel=\"noopener\">Huesca HSK<\/a><\/span><\/strong><br \/>Dichtstbijzijnde luchthaven, Zaragoza<\/p>\n<\/div>\n\t\t\t\t\t\t\t<\/div>\n\t\t<\/div>\n\t\t\t\t\t\t<\/div>\n\t\t\t\t<\/div>\n\t\t\t\t\t<\/div>\n\t\t<\/div>\n\t\t\t\t\t<\/div>\n\t\t<\/section>\n\t\t\t\t<section class=\"elementor-section elementor-top-section elementor-element elementor-element-3a2e97d elementor-section-boxed elementor-section-height-default elementor-section-height-default\" data-id=\"3a2e97d\" data-element_type=\"section\" data-e-type=\"section\">\n\t\t\t\t\t\t<div class=\"elementor-container elementor-column-gap-default\">\n\t\t\t\t\t<div class=\"elementor-column elementor-col-100 elementor-top-column elementor-element elementor-element-9e1e25b\" data-id=\"9e1e25b\" data-element_type=\"column\" data-e-type=\"column\">\n\t\t\t<div class=\"elementor-widget-wrap elementor-element-populated\">\n\t\t\t\t\t\t<div class=\"elementor-element elementor-element-e522588 elementor-widget elementor-widget-google_maps\" data-id=\"e522588\" data-element_type=\"widget\" data-e-type=\"widget\" data-widget_type=\"google_maps.default\">\n\t\t\t\t<div class=\"elementor-widget-container\">\n\t\t\t\t\t\t\t<div class=\"elementor-custom-embed\">\n\t\t\t<iframe loading=\"lazy\"\n\t\t\t\t\tsrc=\"https:\/\/maps.google.com\/maps?q=Escuela%20de%20Parapente%20y%20Centro%20de%20Vuelo%20%7C%20Tandem%20Team&#038;t=m&#038;z=6&#038;output=embed&#038;iwloc=near\"\n\t\t\t\t\ttitle=\"Escuela de Parapente y Centro de Vuelo | Tandem Team\"\n\t\t\t\t\taria-label=\"Escuela de Parapente y Centro de Vuelo | Tandem Team\"\n\t\t\t><\/iframe>\n\t\t<\/div>\n\t\t\t\t\t\t<\/div>\n\t\t\t\t<\/div>\n\t\t\t\t\t<\/div>\n\t\t<\/div>\n\t\t\t\t\t<\/div>\n\t\t<\/section>\n\t\t\t\t<\/div>\n\t\t","protected":false},"excerpt":{"rendered":"<p>ATTENTIE De N260 is afgesloten voor wegwerkzaamheden, op het traject van Campo naar Seira. Ze hebben laten weten dat ze op vrijdag 23 juni om 18:30 uur overgaan tot de opening, op maandag 26 juni om 6:00 uur weer dichtgaan en op vrijdag 30 juni om 11:30 uur weer opengaan. Tussen 15 juli en 15 [&hellip;]<\/p>\n","protected":false},"author":9,"featured_media":0,"parent":0,"menu_order":0,"comment_status":"closed","ping_status":"closed","template":"elementor_header_footer","meta":{"footnotes":""},"class_list":["post-33443","page","type-page","status-publish","hentry"],"aioseo_notices":[],"_links":{"self":[{"href":"https:\/\/tandemteam.es\/nl\/wp-json\/wp\/v2\/pages\/33443","targetHints":{"allow":["GET"]}}],"collection":[{"href":"https:\/\/tandemteam.es\/nl\/wp-json\/wp\/v2\/pages"}],"about":[{"href":"https:\/\/tandemteam.es\/nl\/wp-json\/wp\/v2\/types\/page"}],"author":[{"embeddable":true,"href":"https:\/\/tandemteam.es\/nl\/wp-json\/wp\/v2\/users\/9"}],"replies":[{"embeddable":true,"href":"https:\/\/tandemteam.es\/nl\/wp-json\/wp\/v2\/comments?post=33443"}],"version-history":[{"count":1,"href":"https:\/\/tandemteam.es\/nl\/wp-json\/wp\/v2\/pages\/33443\/revisions"}],"predecessor-version":[{"id":33446,"href":"https:\/\/tandemteam.es\/nl\/wp-json\/wp\/v2\/pages\/33443\/revisions\/33446"}],"wp:attachment":[{"href":"https:\/\/tandemteam.es\/nl\/wp-json\/wp\/v2\/media?parent=33443"}],"curies":[{"name":"wp","href":"https:\/\/api.w.org\/{rel}","templated":true}]}}